{"id":282,"date":"2019-04-08T18:08:25","date_gmt":"2019-04-08T18:08:25","guid":{"rendered":"http:\/\/www.alumni-augsburg.de\/?page_id=282"},"modified":"2019-04-08T18:19:24","modified_gmt":"2019-04-08T18:19:24","slug":"datenschutz","status":"publish","type":"page","link":"https:\/\/www.alumni-augsburg.de\/?page_id=282","title":{"rendered":"Datenschutz"},"content":{"rendered":"<p>Wir freuen uns \u00fcber Ihr Interesse an der Alumni-Vereinigung der Juristischen Fakult\u00e4t der Universit\u00e4t Augsburg e.V. Datenschutz ist uns ein hohes Anliegen. In der folgenden Datenschutzerkl\u00e4rung m\u00f6chten wir Ihnen erl\u00e4utern, wie mit Ihren personenbezogenen Daten unter alumni-augsburg.de (nachfolgend: \u201eWebsite\u201c) umgegangen wird. <\/p>\n<ol>\n<li>\n<h4>Automatisierte Erhebung und Speicherung von Zugriffsdaten<\/h4>\n<p>Wir bem\u00fchen uns, unser Angebot auf unserer Website stetig zu verbessern. Zu diesem Zweck erheben und speichern wir automatisiert bestimmte Zugriffsdaten, sobald Sie unsere Website aufrufen.<br \/>\nDieser Datensatz besteht aus folgenden Informationen:<\/p>\n<ul>\n<li>der Seite, von der ausgehend unsere Website verlinkt wurde,<\/li>\n<li>dem Datum und der Uhrzeit des Aufrufens,<\/li>\n<li>der Verweildauer,<\/li>\n<li>der \u00fcbertragenen Datenmenge,<\/li>\n<li>anonymisierter IP-Adresse des anfragenden Rechners,<\/li>\n<li>einer Beschreibung des Typs sowie der Version des verwendeten Webbrowsers,<\/li>\n<li>dem installierten Betriebssystem und der eingestellten Aufl\u00f6sung des Nutzers.<\/li>\n<\/ul>\n<p>&nbsp;<br \/>\nDiese Daten werden zu internen statistischen Zwecken sowie zur technischen Administration der Website ausgewertet und vor\u00fcbergehend gespeichert; eine vor\u00fcbergehende Speicherung der IP-Adresse des Nutzers ist \u00fcberdies erforderlich, um die Funktionsf\u00e4higkeit der Website f\u00fcr die Dauer der Sitzung sicherzustellen. Eine Weitergabe der Daten an Dritte, auch in Ausz\u00fcgen, findet nicht statt. Die Datenspeicherung erfolgt getrennt von den personenbezogenen Datens\u00e4tzen und wird von uns in keinem Fall mit Ihren personenbezogenen Daten zusammengef\u00fchrt, sodass keine R\u00fcckschl\u00fcsse auf die Identit\u00e4t des Nutzers m\u00f6glich sind. <\/p>\n<p>Rechtsgrundlage f\u00fcr die diese vor\u00fcbergehende Speicherung der Daten und der Logfiles ist Art. 6 Abs. 1 lit.f DSGVO. <\/p>\n<p>Die Daten werden gel\u00f6scht, sobald sie f\u00fcr die Erreichung des Zweckes ihrer Erhebung nicht mehr erforderlich sind. Im Falle der Erfassung der Daten zur Bereitstellung der Website ist dies der Fall, wenn die jeweilige Sitzung beendet ist. N\u00e4heres dazu unter Ziffer 3. <\/lI><\/p>\n<li>\n<h4>Erhebung und Speicherung personenbezogener Daten<\/h4>\n<p>Andere als die in Ziffer 1 genannten personenbezogenen Daten werden von uns nur erhoben, wenn Sie uns diese freiwillig, z.B. \u00fcber das Kontaktformular oder durch Kontaktaufnahme per E-Mail, mitteilen. <\/p>\n<ol type=\"a\">\n<li><b>Kontaktaufnahme per Kontaktformular oder Email<\/b><br \/>\nWenn Sie uns \u00fcber unser Kontaktformular oder per Email kontaktieren, werden die von Ihnen \u00fcbermittelten personenbezogenen Daten (Email-Adresse, Name, Anschrift, Telefon, Gegenstand Ihrer Anfrage) automatisch f\u00fcr Zwecke der Bearbeitung Ihrer Anfrage oder der Kontaktaufnahme gespeichert. Die Daten werden ausschlie\u00dflich f\u00fcr die Bearbeitung Ihrer Anfrage verwendet und zu diesem Zweck &#8211; und soweit erforderlich &#8211; an die unter \u201eVorstand\u201c aufgef\u00fchrten Personen weitergeleitet. Eine Weitergabe an sonstige Dritte erfolgt nicht.<br \/>\nRechtsgrundlage f\u00fcr die Verarbeitung der Daten, die \u00fcber das Kontaktformular oder im Zuge einer \u00dcbersendung einer E-Mail \u00fcbermittelt werden, ist Art. 6 Abs. 1 lit.f DSGVO. Zielt der E-Mail-Kontakt auf den Abschluss eines Vertrages ab, so ist zus\u00e4tzliche Rechtsgrundlage f\u00fcr die Verarbeitung Art. 6 Abs. 1 lit.b DSGVO.<br \/>\nWir verarbeiten und speichern Ihre personenbezogenen Daten nur f\u00fcr den Zeitraum, der zur Erreichung des Erhebungszwecks erforderlich ist oder sofern eine andere gesetzliche Grundlage besteht. Danach erfolgt eine L\u00f6schung. N\u00e4heres dazu unter Ziffer 3.\n<\/li>\n<li><b>Cookies &#8211; Google Analytics<\/b><br \/>\nUm die Qualit\u00e4t unserer Website zu optimieren, setzen wir Google Analytics ein, einen Webanalysedienst der Google Inc. (&#8222;Google&#8220;). Google Analytics verwendet sog. &#8222;Cookies&#8220;, Textdateien, die auf Ihrem Computer gespeichert werden und die eine Analyse der Benutzung der Website durch Sie erm\u00f6glichen. Die durch den Cookie erzeugten Informationen \u00fcber Ihre Benutzung dieser Website werden in der Regel an einen Server von Google in den USA \u00fcbertragen und dort gespeichert. Im Falle der Aktivierung der IP-Anonymisierung auf dieser Webseite wird Ihre IP-Adresse von Google jedoch innerhalb von Mitgliedstaaten der Europ\u00e4ischen Union oder in anderen Vertragsstaaten des Abkommens \u00fcber den Europ\u00e4ischen Wirtschaftsraum zuvor gek\u00fcrzt. Nur in Ausnahmef\u00e4llen wird die volle IP-Adresse an einen Server von Google in den USA \u00fcbertragen und erst dort gek\u00fcrzt. Die im Rahmen von Google Analytics von Ihrem Browser \u00fcbermittelte IP-Adresse wird nicht gemeinsam mit anderen Daten der Nutzer gespeichert. Daher ist eine Zuordnung der Daten zum aufrufenden Nutzer nicht mehr m\u00f6glich.<br \/>\nBeim Aufruf unserer Website wird der Nutzer \u00fcber die Verwendung von Cookies zu Analysezwecken informiert und seine Einwilligung zur Verarbeitung der in diesem Zusammenhang verwendeten personenbezogenen Daten eingeholt. Zugleich erfolgt auch ein Hinweis auf diese Datenschutzerkl\u00e4rung.<br \/>\nRechtsgrundlage f\u00fcr die Verarbeitung personenbezogener Daten unter Verwendung von Cookies zu Analysezwecken ist Art. 6 Abs. 1 lit.a DSGVO.<br \/>\nSie k\u00f6nnen die Speicherung der Cookies durch eine entsprechende Einstellung Ihrer Browser-Software verhindern; wir weisen Sie jedoch darauf hin, dass Sie in diesem Fall gegebenenfalls nicht s\u00e4mtliche Funktionen unserer Website vollumf\u00e4nglich werden nutzen k\u00f6nnen. Sie k\u00f6nnen dar\u00fcber hinaus die Erfassung der durch das Cookie erzeugten und auf Ihre Nutzung der Website bezogenen Daten (inkl. Ihrer IP-Adresse) sowie die Verarbeitung dieser Daten durch Google verhindern, indem sie das unter dem folgenden Link verf\u00fcgbare Browser-Plugin herunterladen und installieren: http:\/\/tools.google.com\/dlpage\/gaoptout?hl=de. Sie k\u00f6nnen die Erfassung durch Google Analytics verhindern, indem Sie auf folgenden Link klicken. Es wird ein Opt-Out-Cookie gesetzt, das die zuk\u00fcnftige Erfassung Ihrer Daten beim Besuch dieser Website verhindert.<br \/>\nN\u00e4here Informationen zu Nutzungsbedingungen und Datenschutz finden Sie unter http:\/\/www.google.com\/analytics\/terms\/de.html bzw. unter https:\/\/www.google.de\/intl\/de\/policies\/. Wir weisen Sie darauf hin, dass auf dieser Website Google Analytics um den Code \u201eanonymizeIp\u201c erweitert wurde, um eine anonymisierte Erfassung von IP-Adressen (sog. IP-Masking) zu gew\u00e4hrleisten.\n<\/li>\n<\/ol>\n<\/li>\n<p>&nbsp;<\/p>\n<li>\n<h4>Ihre Rechte als betroffene Person<\/h4>\n<p>Eine transparente und rechtskonforme Verarbeitung Ihrer personenbezogenen Daten ist uns wichtig. Wenn wir personenbezogene Daten von Ihnen verarbeiten, sind Sie Betroffener i.S.d. DSGVO und es stehen Ihnen folgende Rechte gegen\u00fcber den in Ziffer 4 genannten Verantwortlichen zu: <\/p>\n<ol type=\"a\">\n<li><b>Recht auf Auskunft und Berichtigung<\/b><br \/>\nSie k\u00f6nnen Auskunft dar\u00fcber verlangen, ob personenbezogene Daten, die Sie betreffen, von uns verarbeitet werden und \u2013 falls dies der Fall ist \u2013 die Angabe der Verarbeitungszwecke, der Empf\u00e4nger, der Datenherkunft, der geplanten Speicherdauer bzw. deren Kriterien und die damit verbundenen Betroffenenrechte (Berichtung, L\u00f6schung, Einschr\u00e4nkung der Verarbeitung, Widerruf, Beschwerde). Sie k\u00f6nnen \u00fcberdies Auskunft dar\u00fcber verlangen, ob die Sie betreffenden personenbezogenen Daten in ein Drittland oder an eine internationale Organisation \u00fcbermittelt werden. In diesem Zusammenhang k\u00f6nnen Sie verlangen, \u00fcber die geeigneten Garantien gem. Art. 46 DSGVO im Zusammenhang mit der \u00dcbermittlung unterrichtet zu werden.<br \/>\nSofern die von uns verarbeiteten personenbezogenen Daten, die Sie betreffen, unrichtig oder unvollst\u00e4ndig sind, haben Sie ein Recht auf Berichtigung und\/oder Vervollst\u00e4ndigung.\n<\/li>\n<li><b>Recht auf Einschr\u00e4nkung der Verarbeitung, L\u00f6schung und Unterrichtung<\/b><br \/>\nSie k\u00f6nnen verlangen, dass wir die Verarbeitung Ihrer personenbezogenen Daten unverz\u00fcglich einschr\u00e4nken, wenn Sie die Richtigkeit der Daten f\u00fcr eine Dauer bestreiten, die es dem Verantwortlichen erm\u00f6glicht, die Richtigkeit zu \u00fcberpr\u00fcfen; oder wenn die Verarbeitung unrechtm\u00e4\u00dfig ist und Sie die L\u00f6schung der personenbezogenen Daten ablehnen und stattdessen die Einschr\u00e4nkung der Nutzung der personenbezogenen Daten verlangen; oder wenn der Verantwortliche die personenbezogenen Daten f\u00fcr die Zwecke der Verarbeitung nicht l\u00e4nger ben\u00f6tigt, Sie diese jedoch zur Geltendmachung, Aus\u00fcbung oder Verteidigung von Rechtsanspr\u00fcchen ben\u00f6tigen, oder wenn Sie Widerspruch gegen die Verarbeitung gem\u00e4\u00df Art. 21 Abs. 1 DSGVO eingelegt haben und noch nicht feststeht, ob die berechtigten Gr\u00fcnde des Verantwortlichen gegen\u00fcber Ihren Gr\u00fcnden \u00fcberwiegen.<br \/>\nBei Vorliegen der gesetzlichen Voraussetzungen k\u00f6nnen Sie \u00fcberdies die unverz\u00fcgliche L\u00f6schung Ihrer personenbezogenen Daten verlangen, insbesondere wenn die Datenverarbeitung aufgrund Ihrer Einwilligung erfolgte und sie diese widerrufen oder wenn die Daten unrechtm\u00e4\u00dfig verarbeitet wurden oder wenn eine andere Voraussetzung gem\u00e4\u00df Art. 17 DSGVO vorliegt.<br \/>\nHaben Sie das Recht auf Berichtigung, L\u00f6schung oder Einschr\u00e4nkung der Verarbeitung gegen\u00fcber uns geltend gemacht, sind wir verpflichtet, allen Empf\u00e4ngern, denen wir Ihre personenbezogenen Daten offengelegt haben, die Berichtigung oder L\u00f6schung der Daten oder Einschr\u00e4nkung der Verarbeitung mitzuteilen, es sei denn, dies erweist sich als unm\u00f6glich oder ist mit einem unverh\u00e4ltnism\u00e4\u00dfigen Aufwand verbunden. Ihnen steht uns gegen\u00fcber das Recht zu, \u00fcber diese Empf\u00e4nger unterrichtet zu werden.<\/li>\n<li><b>Recht auf Daten\u00fcbertragbarkeit<\/b><br \/>\nSie haben das Recht, die Sie betreffenden personenbezogenen Daten, die Sie uns bereitgestellt haben, in einem strukturierten, g\u00e4ngigen und maschinenlesbaren Format zu erhalten. Au\u00dferdem haben Sie das Recht, diese Daten einem anderen Verantwortlichen ohne Behinderung zu \u00fcbermitteln und dies direkt von uns vorgenommen wird, soweit dies technisch machbar ist. Freiheiten und Rechte anderer Personen d\u00fcrfen hierdurch nicht beeintr\u00e4chtigt werden.\n<\/li>\n<li><b>Recht auf Widerspruch und Widerruf<\/b><br \/>\nSie haben das Recht, aus Gr\u00fcnden, die sich aus Ihrer besonderen Situation ergeben, jederzeit gegen die Verarbeitung der Sie betreffenden personenbezogenen Daten, die aufgrund von Art. 6 Abs. 1 lit. e oder f DSGVO erfolgt, Widerspruch einzulegen. In diesem Fall verarbeiten wir Ihre personenbezogenen Daten nicht mehr, es sei denn, wir k\u00f6nnen zwingende schutzw\u00fcrdige Gr\u00fcnde f\u00fcr die Verarbeitung nachweisen, die Ihre Interessen, Rechte und Freiheiten \u00fcberwiegen, oder die Verarbeitung dient der Geltendmachung, Aus\u00fcbung oder Verteidigung von Rechtsanspr\u00fcchen.<br \/>\nSie haben \u00fcberdies jederzeit das Recht, Ihre Einwilligung in die Verarbeitung personenbezogener Daten zu widerrufen, ohne dass die Rechtm\u00e4\u00dfigkeit der bis dato erfolgten Verarbeitung Ihrer personenbezogenen Daten auf der Grundlage Ihrer Einwilligung vor dem Widerruf ber\u00fchrt wird.<br \/>\nIm Falle eines Widerspruchs oder Widerrufs verarbeiten wir Ihre personenbezogenen Daten nicht mehr, es sei denn, wir k\u00f6nnen zwingende Rechtsgr\u00fcnde f\u00fcr die Verarbeitung nachweisen oder die Verarbeitung dient der Geltendmachung, Aus\u00fcbung oder Verteidigung von Rechtsanspr\u00fcchen.\n<\/li>\n<\/ol>\n<\/li>\n<p>&nbsp;<\/p>\n<li>\n<h4>Verantwortliche Stelle <\/h4>\n<p>Verantwortlicher im Sinne der gesetzlichen Bestimmungen mit datenschutzrechtlichem Charakter ist die<\/p>\n<ul>\nAlumni-Vereinigung der Juristischen Fakult\u00e4t der Universit\u00e4t Augsburg e.V.<\/p>\n<p>Postanschrift:<br \/>\nc\/o Dr. Rudolf Wittmann<br \/>\nSeitz Weckbach Fackler &#038; Partner mbB<br \/>\nSchie\u00dfgrabenstra\u00dfe 14<br \/>\n86150 Augsburg<\/p>\n<p>Telefon 0821 \/ 3 45 85-36<br \/>\nTelefax 0821 \/ 3 45 85-33<br \/>\nEmail: <a href=\"mailto:RWittmann@seitz-partner.de\">RWittmann@seitz-partner.de<\/a>\n<\/ul>\n<p>Sie k\u00f6nnen sich jederzeit bei allen Fragen und Anregungen zum Datenschutz &#8211; und insbesondere zur Geltendmachung Ihrer Rechte nach Ziffer 3 &#8211; direkt an den o.g. Verantwortlichen wenden.\n<\/li>\n<li>\n<h4>Recht auf Beschwerde bei einer Aufsichtsbeh\u00f6rde<\/h4>\n<p>Unbeschadet eines anderweitigen verwaltungsrechtlichen oder gerichtlichen Rechtsbehelfs steht Ihnen das Recht auf Beschwerde bei einer Aufsichtsbeh\u00f6rde, insbesondere in dem Mitgliedstaat ihres Aufenthaltsorts, ihres Arbeitsplatzes oder des Orts des mutma\u00dflichen Versto\u00dfes, zu, wenn Sie der Ansicht sind, dass die Verarbeitung der Sie betreffenden personenbezogenen Daten gegen die DSGVO verst\u00f6\u00dft. <\/p>\n<p>Die Aufsichtsbeh\u00f6rde, bei der die Beschwerde eingereicht wurde, unterrichtet den Beschwerdef\u00fchrer \u00fcber den Stand und die Ergebnisse der Beschwerde einschlie\u00dflich der M\u00f6glichkeit eines gerichtlichen Rechtsbehelfs nach Art. 78 DSGVO.<br \/>\nDie zust\u00e4ndige Aufsichtsbeh\u00f6rde der  Alumni-Vereinigung der Juristischen Fakult\u00e4t der Universit\u00e4t Augsburg e.V. ist:<\/p>\n<ul>\nBayerisches Landesamt f\u00fcr Datenschutzaufsicht<br \/>\nPromenade 27<br \/>\n91522 Ansbach<\/p>\n<p>Tel.: 0951\/53-1300<br \/>\nE-Mail: <a href=\"mailto:poststelle@lda.bayern.de\">poststelle(at)lda.bayern.de<\/a><br \/>\nWebsite: <a href=\"http:\/\/www.lda.bayern.de\">www.lda.bayern.de<\/a>\n<\/ul>\n<\/li>\n<\/ol>\n<p>Stand: Januar 2019<\/p>\n","protected":false},"excerpt":{"rendered":"<p>Wir freuen uns \u00fcber Ihr Interesse an der Alumni-Vereinigung der Juristischen Fakult\u00e4t der Universit\u00e4t Augsburg e.V. Datenschutz ist uns ein hohes Anliegen. In der folgenden Datenschutzerkl\u00e4rung m\u00f6chten wir Ihnen erl\u00e4utern, wie mit Ihren personenbezogenen Daten unter alumni-augsburg.de (nachfolgend: \u201eWebsite\u201c) umgegangen wird. Automatisierte Erhebung und Speicherung von Zugriffsdaten Wir bem\u00fchen uns, unser Angebot auf unserer Website [&hellip;]<\/p>\n","protected":false},"author":1,"featured_media":0,"parent":0,"menu_order":0,"comment_status":"closed","ping_status":"closed","template":"","meta":{"footnotes":""},"class_list":["post-282","page","type-page","status-publish","format-standard","hentry"],"_links":{"self":[{"href":"https:\/\/www.alumni-augsburg.de\/index.php?rest_route=\/wp\/v2\/pages\/282","targetHints":{"allow":["GET"]}}],"collection":[{"href":"https:\/\/www.alumni-augsburg.de\/index.php?rest_route=\/wp\/v2\/pages"}],"about":[{"href":"https:\/\/www.alumni-augsburg.de\/index.php?rest_route=\/wp\/v2\/types\/page"}],"author":[{"embeddable":true,"href":"https:\/\/www.alumni-augsburg.de\/index.php?rest_route=\/wp\/v2\/users\/1"}],"replies":[{"embeddable":true,"href":"https:\/\/www.alumni-augsburg.de\/index.php?rest_route=%2Fwp%2Fv2%2Fcomments&post=282"}],"version-history":[{"count":16,"href":"https:\/\/www.alumni-augsburg.de\/index.php?rest_route=\/wp\/v2\/pages\/282\/revisions"}],"predecessor-version":[{"id":298,"href":"https:\/\/www.alumni-augsburg.de\/index.php?rest_route=\/wp\/v2\/pages\/282\/revisions\/298"}],"wp:attachment":[{"href":"https:\/\/www.alumni-augsburg.de\/index.php?rest_route=%2Fwp%2Fv2%2Fmedia&parent=282"}],"curies":[{"name":"wp","href":"https:\/\/api.w.org\/{rel}","templated":true}]}}