{"id":16,"date":"2013-11-06T05:35:49","date_gmt":"2013-11-06T05:35:49","guid":{"rendered":"http:\/\/www.alumni-augsburg.de\/?page_id=16"},"modified":"2017-03-21T07:28:57","modified_gmt":"2017-03-21T07:28:57","slug":"zur-geschichte-der-juristischen-fakultaet","status":"publish","type":"page","link":"https:\/\/www.alumni-augsburg.de\/?page_id=16","title":{"rendered":"Zur Geschichte der Juristischen Fakult\u00e4t"},"content":{"rendered":"<p>Die Juristische Fakult\u00e4t wurde im Oktober 1971 als dritter Fachbereich der Universit\u00e4t Augsburg errichtet; den Lehrbetrieb hatten im Jahre 1970 bereits der Wirtschafts- und Sozialwissenschaftliche sowie der Katholisch-Theologische Fachbereich begonnen. Zugleich mit seiner Errichtung nahm der Juristische Fachbereich den Lehrbetrieb auf. Als erste deutsche Fakult\u00e4t setzte er das aus der Reformdiskussion der zur\u00fcckliegenden Jahre hervorgegangene Modell der sog. einstufigen Juristenausbildung um, f\u00fcr die eine enge Verkn\u00fcpfung der theoretischen und praktischen Ausbildung charakteristisch war; realisiert wurde dies durch stetigen Wechsel zwischen universit\u00e4ren und praktischen Ausbildungsabschnitten.<\/p>\n<p>Obwohl sich dieses Modell, nach welchem 13 Jahrg\u00e4nge ausgebildet wurden, unstrittig bew\u00e4hrt hatte, musste die Fakult\u00e4t aufgrund der politischen Entscheidung zugunsten der Einheitlichkeit der Juristenausbildung ab 1984 zur traditionellen zweistufigen Juristenausbildung \u00fcberwechseln. Die bew\u00e4hrten Elemente einer verbesserten Studienplanung und -beratung, eines verst\u00e4rken Praxisbezuges, der fachspezifischen Fremdsprachenausbildung und einer internationalrechtlichen, speziell europarechtlichen Schwerpunktsetzung wurden in die ihrerseits in st\u00e4ndigem Reformprozess stehende traditionelle Juristenausbildung \u00fcbernommen.<\/p>\n","protected":false},"excerpt":{"rendered":"<p>Die Juristische Fakult\u00e4t wurde im Oktober 1971 als dritter Fachbereich der Universit\u00e4t Augsburg errichtet; den Lehrbetrieb hatten im Jahre 1970 bereits der Wirtschafts- und Sozialwissenschaftliche sowie der Katholisch-Theologische Fachbereich begonnen. Zugleich mit seiner Errichtung nahm der Juristische Fachbereich den Lehrbetrieb auf. Als erste deutsche Fakult\u00e4t setzte er das aus der Reformdiskussion der zur\u00fcckliegenden Jahre hervorgegangene [&hellip;]<\/p>\n","protected":false},"author":1,"featured_media":0,"parent":0,"menu_order":0,"comment_status":"open","ping_status":"open","template":"","meta":{"footnotes":""},"class_list":["post-16","page","type-page","status-publish","format-standard","hentry"],"_links":{"self":[{"href":"https:\/\/www.alumni-augsburg.de\/index.php?rest_route=\/wp\/v2\/pages\/16","targetHints":{"allow":["GET"]}}],"collection":[{"href":"https:\/\/www.alumni-augsburg.de\/index.php?rest_route=\/wp\/v2\/pages"}],"about":[{"href":"https:\/\/www.alumni-augsburg.de\/index.php?rest_route=\/wp\/v2\/types\/page"}],"author":[{"embeddable":true,"href":"https:\/\/www.alumni-augsburg.de\/index.php?rest_route=\/wp\/v2\/users\/1"}],"replies":[{"embeddable":true,"href":"https:\/\/www.alumni-augsburg.de\/index.php?rest_route=%2Fwp%2Fv2%2Fcomments&post=16"}],"version-history":[{"count":4,"href":"https:\/\/www.alumni-augsburg.de\/index.php?rest_route=\/wp\/v2\/pages\/16\/revisions"}],"predecessor-version":[{"id":236,"href":"https:\/\/www.alumni-augsburg.de\/index.php?rest_route=\/wp\/v2\/pages\/16\/revisions\/236"}],"wp:attachment":[{"href":"https:\/\/www.alumni-augsburg.de\/index.php?rest_route=%2Fwp%2Fv2%2Fmedia&parent=16"}],"curies":[{"name":"wp","href":"https:\/\/api.w.org\/{rel}","templated":true}]}}